{"version":"1.0","provider_name":"Institut Jaume Mim\u00f3 FP","provider_url":"https:\/\/www.ciclesfp.cat\/ca\/","title":"Projecte gr\u00e0fica publicit\u00e0ria departament d\u2019educaci\u00f3 - Institut Jaume Mim\u00f3 FP","type":"rich","width":600,"height":338,"html":"<blockquote class=\"wp-embedded-content\" data-secret=\"6IAYJHsSuS\"><a href=\"https:\/\/www.ciclesfp.cat\/ca\/2024\/02\/16\/projecte-grafica-publicitaria-departament-deducacio\/\">Projecte gr\u00e0fica publicit\u00e0ria departament d\u2019educaci\u00f3<\/a><\/blockquote><iframe sandbox=\"allow-scripts\" security=\"restricted\" src=\"https:\/\/www.ciclesfp.cat\/ca\/2024\/02\/16\/projecte-grafica-publicitaria-departament-deducacio\/embed\/#?secret=6IAYJHsSuS\" width=\"600\" height=\"338\" title=\"&#8220;Projecte gr\u00e0fica publicit\u00e0ria departament d\u2019educaci\u00f3&#8221; &#8212; Institut Jaume Mim\u00f3 FP\" data-secret=\"6IAYJHsSuS\" frameborder=\"0\" marginwidth=\"0\" marginheight=\"0\" scrolling=\"no\" class=\"wp-embedded-content\"><\/iframe><script type=\"text\/javascript\">\n\/* <![CDATA[ *\/\n\/*! This file is auto-generated *\/\n!function(d,l){\"use strict\";l.querySelector&&d.addEventListener&&\"undefined\"!=typeof URL&&(d.wp=d.wp||{},d.wp.receiveEmbedMessage||(d.wp.receiveEmbedMessage=function(e){var t=e.data;if((t||t.secret||t.message||t.value)&&!\/[^a-zA-Z0-9]\/.test(t.secret)){for(var s,r,n,a=l.querySelectorAll('iframe[data-secret=\"'+t.secret+'\"]'),o=l.querySelectorAll('blockquote[data-secret=\"'+t.secret+'\"]'),c=new RegExp(\"^https?:$\",\"i\"),i=0;i<o.length;i++)o[i].style.display=\"none\";for(i=0;i<a.length;i++)s=a[i],e.source===s.contentWindow&&(s.removeAttribute(\"style\"),\"height\"===t.message?(1e3<(r=parseInt(t.value,10))?r=1e3:~~r<200&&(r=200),s.height=r):\"link\"===t.message&&(r=new URL(s.getAttribute(\"src\")),n=new URL(t.value),c.test(n.protocol))&&n.host===r.host&&l.activeElement===s&&(d.top.location.href=t.value))}},d.addEventListener(\"message\",d.wp.receiveEmbedMessage,!1),l.addEventListener(\"DOMContentLoaded\",function(){for(var e,t,s=l.querySelectorAll(\"iframe.wp-embedded-content\"),r=0;r<s.length;r++)(t=(e=s[r]).getAttribute(\"data-secret\"))||(t=Math.random().toString(36).substring(2,12),e.src+=\"#?secret=\"+t,e.setAttribute(\"data-secret\",t)),e.contentWindow.postMessage({message:\"ready\",secret:t},\"*\")},!1)))}(window,document);\n\/\/# sourceURL=https:\/\/www.ciclesfp.cat\/wp-includes\/js\/wp-embed.min.js\n\/* ]]> *\/\n<\/script>\n","thumbnail_url":"https:\/\/www.ciclesfp.cat\/wp-content\/uploads\/2024\/02\/ilustracion-bika-scaled.jpg","thumbnail_width":2560,"thumbnail_height":1810,"description":"Projecte de Gr\u00e0fica Publicit\u00e0ria per al Programa d\u2019Innovaci\u00f3 TALENT CREATIU I EMPRESA, del Departament d\u2019Educaci\u00f3. Estem encantats de compartir amb vosaltres el fruit del treball del primer quadrimestre dels estudiants de 2n de gr\u00e0fica publicit\u00e0ria. En col\u00b7laboraci\u00f3 amb la Generalitat, concretament amb el departament d\u2019educaci\u00f3 l\u2019alumnat ha desenvolupat una l\u00ednia gr\u00e0fica per als b\u00e0ners de preinscripci\u00f3 dels estudis postobligatoris."}